{"id":95,"date":"2011-02-21T19:58:24","date_gmt":"2011-02-21T18:58:24","guid":{"rendered":"http:\/\/www.tuseichholzremmighausen.de"},"modified":"2026-04-16T13:26:59","modified_gmt":"2026-04-16T11:26:59","slug":"leichtathletik","status":"publish","type":"page","link":"https:\/\/www.tuseichholzremmighausen.de\/wordpress\/tul\/leichtathletik","title":{"rendered":"Leichtathletik"},"content":{"rendered":"<hr \/>\n<h4>Leichtathletik<\/h4>1.-4. Klasse<br \/><br \/><strong>Trainerin:<\/strong><br \/><strong>Heike Hermann<\/strong> <i class=\"easypromoweb-icon-mail-5\"><\/i> <a href=\"mailto:heikehermann01@gmail.com\">heikehermann01@gmail.com<\/a><br \/>\n<p><span style=\"font-size: 14pt;\"><strong>Ein Schnuppertraining ist leider erst ab Oktober 2026 wieder m\u00f6glich.<br \/>\nBitte nach den Sommerferien Kontakt aufnehmen.<\/strong><\/span><\/p>\n<p><a href=\"https:\/\/www.tuseichholzremmighausen.de\/wordpress\/tul\/leichtathletik\/pic\" rel=\"attachment wp-att-20673\"><img data-recalc-dims=\"1\" loading=\"lazy\" decoding=\"async\" data-attachment-id=\"20673\" data-permalink=\"https:\/\/www.tuseichholzremmighausen.de\/wordpress\/tul\/leichtathletik\/pic\" data-orig-file=\"https:\/\/i0.wp.com\/www.tuseichholzremmighausen.de\/wordpress\/wp-content\/uploads\/2024\/01\/pic.jpg?fit=1024%2C768&amp;ssl=1\" data-orig-size=\"1024,768\" data-comments-opened=\"0\" data-image-meta=\"{&quot;aperture&quot;:&quot;0&quot;,&quot;credit&quot;:&quot;&quot;,&quot;camera&quot;:&quot;&quot;,&quot;caption&quot;:&quot;&quot;,&quot;created_timestamp&quot;:&quot;0&quot;,&quot;copyright&quot;:&quot;&quot;,&quot;focal_length&quot;:&quot;0&quot;,&quot;iso&quot;:&quot;0&quot;,&quot;shutter_speed&quot;:&quot;0&quot;,&quot;title&quot;:&quot;&quot;,&quot;orientation&quot;:&quot;0&quot;}\" data-image-title=\"pic\" data-image-description=\"\" data-image-caption=\"\" data-large-file=\"https:\/\/i0.wp.com\/www.tuseichholzremmighausen.de\/wordpress\/wp-content\/uploads\/2024\/01\/pic.jpg?fit=800%2C600&amp;ssl=1\" class=\"size-full wp-image-20673 alignnone\" src=\"https:\/\/i0.wp.com\/www.tuseichholzremmighausen.de\/wordpress\/wp-content\/uploads\/2024\/01\/pic.jpg?resize=800%2C600&#038;ssl=1\" alt=\"\" width=\"800\" height=\"600\" srcset=\"https:\/\/i0.wp.com\/www.tuseichholzremmighausen.de\/wordpress\/wp-content\/uploads\/2024\/01\/pic.jpg?w=1024&amp;ssl=1 1024w, https:\/\/i0.wp.com\/www.tuseichholzremmighausen.de\/wordpress\/wp-content\/uploads\/2024\/01\/pic.jpg?resize=300%2C225&amp;ssl=1 300w, https:\/\/i0.wp.com\/www.tuseichholzremmighausen.de\/wordpress\/wp-content\/uploads\/2024\/01\/pic.jpg?resize=768%2C576&amp;ssl=1 768w\" sizes=\"auto, (max-width: 800px) 100vw, 800px\" \/><\/a><\/p>\n<p><strong>Training:<\/strong><br \/>\nMittwoch: 16:00 &#8211; 17:30 Uhr in Remmighausen<\/p>\n<hr \/>\n<p><a href=\"https:\/\/i0.wp.com\/www.tuseichholzremmighausen.de\/wordpress\/wp-content\/uploads\/2011\/02\/logo_lippesued.gif?ssl=1\"><img data-recalc-dims=\"1\" loading=\"lazy\" decoding=\"async\" data-attachment-id=\"450\" data-permalink=\"https:\/\/www.tuseichholzremmighausen.de\/wordpress\/tul\/logo_lippesued\" data-orig-file=\"https:\/\/i0.wp.com\/www.tuseichholzremmighausen.de\/wordpress\/wp-content\/uploads\/2011\/02\/logo_lippesued.gif?fit=100%2C93&amp;ssl=1\" data-orig-size=\"100,93\" data-comments-opened=\"1\" data-image-meta=\"{&quot;aperture&quot;:&quot;0&quot;,&quot;credit&quot;:&quot;&quot;,&quot;camera&quot;:&quot;&quot;,&quot;caption&quot;:&quot;&quot;,&quot;created_timestamp&quot;:&quot;0&quot;,&quot;copyright&quot;:&quot;&quot;,&quot;focal_length&quot;:&quot;0&quot;,&quot;iso&quot;:&quot;0&quot;,&quot;shutter_speed&quot;:&quot;0&quot;,&quot;title&quot;:&quot;&quot;,&quot;orientation&quot;:&quot;0&quot;}\" data-image-title=\"logo_lippesued\" data-image-description=\"\" data-image-caption=\"\" data-large-file=\"https:\/\/i0.wp.com\/www.tuseichholzremmighausen.de\/wordpress\/wp-content\/uploads\/2011\/02\/logo_lippesued.gif?fit=100%2C93&amp;ssl=1\" class=\"alignnone size-full wp-image-450\" title=\"logo_lippesued\" src=\"https:\/\/i0.wp.com\/www.tuseichholzremmighausen.de\/wordpress\/wp-content\/uploads\/2011\/02\/logo_lippesued.gif?resize=100%2C93&#038;ssl=1\" alt=\"\" width=\"100\" height=\"93\" \/><\/a><br \/>\nIn der LG Lippe-S\u00fcd haben neun Vereine aus der n\u00e4heren Umgebung es sich zum Ziel gesetzt, talentierte Kinder und auch Erwachsene zu f\u00f6rdern. Es stehen speziell ausgebildete Trainer zur Verf\u00fcgung, die entsprechenden Hallen und Pl\u00e4tze sind vorhanden und auch die Materialien k\u00f6nnen durch gemeinsame Finanzierung angeschafft werden. Die Stammvereine trainieren die Kinder und sobald das Talent erkennbar ist und sie ca. 12 Jahre alt sind, haben diese dann die M\u00f6glichkeit am \u201eKadertraining\u201c der LG Lippe-S\u00fcd teilzunehmen. So wurden schon gro\u00dfartige Erfolge \u00fcberregional (Westdeutsche- und Deutsche Meistertitel, Teilnahme an Olympischen Sommerspielen) errungen.<\/p>\n<hr \/>\n<h2 class=\"display-posts-title\">Letzte Beitr\u00e4ge<\/h2>\n<div class=\"display-posts-listing image-left\"><div class=\"listing-item\"><a class=\"image\" href=\"https:\/\/www.tuseichholzremmighausen.de\/wordpress\/archives\/23470\"><img loading=\"lazy\" decoding=\"async\" width=\"150\" height=\"150\" src=\"https:\/\/i0.wp.com\/www.tuseichholzremmighausen.de\/wordpress\/wp-content\/uploads\/2026\/02\/IMG_0419.jpeg?resize=150%2C150&amp;ssl=1\" class=\"attachment-thumbnail size-thumbnail wp-post-image\" alt=\"\" srcset=\"https:\/\/i0.wp.com\/www.tuseichholzremmighausen.de\/wordpress\/wp-content\/uploads\/2026\/02\/IMG_0419.jpeg?resize=150%2C150&amp;ssl=1 150w, https:\/\/i0.wp.com\/www.tuseichholzremmighausen.de\/wordpress\/wp-content\/uploads\/2026\/02\/IMG_0419.jpeg?zoom=2&amp;resize=150%2C150&amp;ssl=1 300w, https:\/\/i0.wp.com\/www.tuseichholzremmighausen.de\/wordpress\/wp-content\/uploads\/2026\/02\/IMG_0419.jpeg?zoom=3&amp;resize=150%2C150&amp;ssl=1 450w\" sizes=\"auto, (max-width: 150px) 100vw, 150px\" data-attachment-id=\"23474\" data-permalink=\"https:\/\/www.tuseichholzremmighausen.de\/wordpress\/archives\/23470\/img_0419\" data-orig-file=\"https:\/\/i0.wp.com\/www.tuseichholzremmighausen.de\/wordpress\/wp-content\/uploads\/2026\/02\/IMG_0419.jpeg?fit=1280%2C720&amp;ssl=1\" data-orig-size=\"1280,720\" data-comments-opened=\"0\" data-image-meta=\"{&quot;aperture&quot;:&quot;0&quot;,&quot;credit&quot;:&quot;&quot;,&quot;camera&quot;:&quot;&quot;,&quot;caption&quot;:&quot;&quot;,&quot;created_timestamp&quot;:&quot;0&quot;,&quot;copyright&quot;:&quot;&quot;,&quot;focal_length&quot;:&quot;0&quot;,&quot;iso&quot;:&quot;0&quot;,&quot;shutter_speed&quot;:&quot;0&quot;,&quot;title&quot;:&quot;&quot;,&quot;orientation&quot;:&quot;1&quot;}\" data-image-title=\"IMG_0419\" data-image-description=\"\" data-image-caption=\"\" data-large-file=\"https:\/\/i0.wp.com\/www.tuseichholzremmighausen.de\/wordpress\/wp-content\/uploads\/2026\/02\/IMG_0419.jpeg?fit=800%2C450&amp;ssl=1\" \/><\/a> <a class=\"title\" href=\"https:\/\/www.tuseichholzremmighausen.de\/wordpress\/archives\/23470\">Achtmal Edelmetall bei den Hallen-Westfalenmeisterschaften in Dortmund<\/a> <span class=\"date\">2. Februar 2026<\/span><\/div><div class=\"listing-item\"><a class=\"image\" href=\"https:\/\/www.tuseichholzremmighausen.de\/wordpress\/archives\/23403\"><img loading=\"lazy\" decoding=\"async\" width=\"150\" height=\"150\" src=\"https:\/\/i0.wp.com\/www.tuseichholzremmighausen.de\/wordpress\/wp-content\/uploads\/2026\/01\/IMG_0379.jpeg?resize=150%2C150&amp;ssl=1\" class=\"attachment-thumbnail size-thumbnail wp-post-image\" alt=\"\" srcset=\"https:\/\/i0.wp.com\/www.tuseichholzremmighausen.de\/wordpress\/wp-content\/uploads\/2026\/01\/IMG_0379.jpeg?resize=150%2C150&amp;ssl=1 150w, https:\/\/i0.wp.com\/www.tuseichholzremmighausen.de\/wordpress\/wp-content\/uploads\/2026\/01\/IMG_0379.jpeg?zoom=2&amp;resize=150%2C150&amp;ssl=1 300w, https:\/\/i0.wp.com\/www.tuseichholzremmighausen.de\/wordpress\/wp-content\/uploads\/2026\/01\/IMG_0379.jpeg?zoom=3&amp;resize=150%2C150&amp;ssl=1 450w\" sizes=\"auto, (max-width: 150px) 100vw, 150px\" data-attachment-id=\"23407\" data-permalink=\"https:\/\/www.tuseichholzremmighausen.de\/wordpress\/archives\/23403\/img_0379\" data-orig-file=\"https:\/\/i0.wp.com\/www.tuseichholzremmighausen.de\/wordpress\/wp-content\/uploads\/2026\/01\/IMG_0379.jpeg?fit=1280%2C720&amp;ssl=1\" data-orig-size=\"1280,720\" data-comments-opened=\"0\" data-image-meta=\"{&quot;aperture&quot;:&quot;0&quot;,&quot;credit&quot;:&quot;&quot;,&quot;camera&quot;:&quot;&quot;,&quot;caption&quot;:&quot;&quot;,&quot;created_timestamp&quot;:&quot;0&quot;,&quot;copyright&quot;:&quot;&quot;,&quot;focal_length&quot;:&quot;0&quot;,&quot;iso&quot;:&quot;0&quot;,&quot;shutter_speed&quot;:&quot;0&quot;,&quot;title&quot;:&quot;&quot;,&quot;orientation&quot;:&quot;1&quot;}\" data-image-title=\"IMG_0379\" data-image-description=\"\" data-image-caption=\"\" data-large-file=\"https:\/\/i0.wp.com\/www.tuseichholzremmighausen.de\/wordpress\/wp-content\/uploads\/2026\/01\/IMG_0379.jpeg?fit=800%2C450&amp;ssl=1\" \/><\/a> <a class=\"title\" href=\"https:\/\/www.tuseichholzremmighausen.de\/wordpress\/archives\/23403\">Fr\u00fche beeindruckende Leistungen bei lippischen Hallen-Leichtathletik-Meisterschaften &#8211; LG Lippe-S\u00fcd \u201esahnte ab&#8220;<\/a> <span class=\"date\">16. Januar 2026<\/span><\/div><div class=\"listing-item\"><a class=\"image\" href=\"https:\/\/www.tuseichholzremmighausen.de\/wordpress\/archives\/23346\"><img loading=\"lazy\" decoding=\"async\" width=\"150\" height=\"150\" src=\"https:\/\/i0.wp.com\/www.tuseichholzremmighausen.de\/wordpress\/wp-content\/uploads\/2025\/12\/IMG-20251209-WA0003-e1765303070712.jpg?resize=150%2C150&amp;ssl=1\" class=\"attachment-thumbnail size-thumbnail wp-post-image\" alt=\"\" srcset=\"https:\/\/i0.wp.com\/www.tuseichholzremmighausen.de\/wordpress\/wp-content\/uploads\/2025\/12\/IMG-20251209-WA0003-e1765303070712.jpg?resize=150%2C150&amp;ssl=1 150w, https:\/\/i0.wp.com\/www.tuseichholzremmighausen.de\/wordpress\/wp-content\/uploads\/2025\/12\/IMG-20251209-WA0003-e1765303070712.jpg?zoom=2&amp;resize=150%2C150&amp;ssl=1 300w, https:\/\/i0.wp.com\/www.tuseichholzremmighausen.de\/wordpress\/wp-content\/uploads\/2025\/12\/IMG-20251209-WA0003-e1765303070712.jpg?zoom=3&amp;resize=150%2C150&amp;ssl=1 450w\" sizes=\"auto, (max-width: 150px) 100vw, 150px\" data-attachment-id=\"23345\" data-permalink=\"https:\/\/www.tuseichholzremmighausen.de\/wordpress\/img-20251209-wa0003\" data-orig-file=\"https:\/\/i0.wp.com\/www.tuseichholzremmighausen.de\/wordpress\/wp-content\/uploads\/2025\/12\/IMG-20251209-WA0003-e1765303070712.jpg?fit=900%2C675&amp;ssl=1\" data-orig-size=\"900,675\" data-comments-opened=\"0\" data-image-meta=\"{&quot;aperture&quot;:&quot;0&quot;,&quot;credit&quot;:&quot;&quot;,&quot;camera&quot;:&quot;&quot;,&quot;caption&quot;:&quot;&quot;,&quot;created_timestamp&quot;:&quot;0&quot;,&quot;copyright&quot;:&quot;&quot;,&quot;focal_length&quot;:&quot;0&quot;,&quot;iso&quot;:&quot;0&quot;,&quot;shutter_speed&quot;:&quot;0&quot;,&quot;title&quot;:&quot;&quot;,&quot;orientation&quot;:&quot;0&quot;}\" data-image-title=\"IMG-20251209-WA0003\" data-image-description=\"\" data-image-caption=\"\" data-large-file=\"https:\/\/i0.wp.com\/www.tuseichholzremmighausen.de\/wordpress\/wp-content\/uploads\/2025\/12\/IMG-20251209-WA0003-e1765303070712.jpg?fit=576%2C1024&amp;ssl=1\" \/><\/a> <a class=\"title\" href=\"https:\/\/www.tuseichholzremmighausen.de\/wordpress\/archives\/23346\">&#8222;Kevin holt sich den Titel zur\u00fcck&#8220; \ud83d\ude09<\/a> <span class=\"date\">9. Dezember 2025<\/span><\/div><div class=\"listing-item\"><a class=\"image\" href=\"https:\/\/www.tuseichholzremmighausen.de\/wordpress\/archives\/23057\"><img loading=\"lazy\" decoding=\"async\" width=\"150\" height=\"150\" src=\"https:\/\/i0.wp.com\/www.tuseichholzremmighausen.de\/wordpress\/wp-content\/uploads\/2025\/10\/1.jpg?resize=150%2C150&amp;ssl=1\" class=\"attachment-thumbnail size-thumbnail wp-post-image\" alt=\"\" srcset=\"https:\/\/i0.wp.com\/www.tuseichholzremmighausen.de\/wordpress\/wp-content\/uploads\/2025\/10\/1.jpg?resize=150%2C150&amp;ssl=1 150w, https:\/\/i0.wp.com\/www.tuseichholzremmighausen.de\/wordpress\/wp-content\/uploads\/2025\/10\/1.jpg?zoom=2&amp;resize=150%2C150&amp;ssl=1 300w, https:\/\/i0.wp.com\/www.tuseichholzremmighausen.de\/wordpress\/wp-content\/uploads\/2025\/10\/1.jpg?zoom=3&amp;resize=150%2C150&amp;ssl=1 450w\" sizes=\"auto, (max-width: 150px) 100vw, 150px\" data-attachment-id=\"23060\" data-permalink=\"https:\/\/www.tuseichholzremmighausen.de\/wordpress\/archives\/23057\/1-35\" data-orig-file=\"https:\/\/i0.wp.com\/www.tuseichholzremmighausen.de\/wordpress\/wp-content\/uploads\/2025\/10\/1.jpg?fit=1280%2C720&amp;ssl=1\" data-orig-size=\"1280,720\" data-comments-opened=\"0\" data-image-meta=\"{&quot;aperture&quot;:&quot;0&quot;,&quot;credit&quot;:&quot;&quot;,&quot;camera&quot;:&quot;&quot;,&quot;caption&quot;:&quot;&quot;,&quot;created_timestamp&quot;:&quot;0&quot;,&quot;copyright&quot;:&quot;&quot;,&quot;focal_length&quot;:&quot;0&quot;,&quot;iso&quot;:&quot;0&quot;,&quot;shutter_speed&quot;:&quot;0&quot;,&quot;title&quot;:&quot;&quot;,&quot;orientation&quot;:&quot;0&quot;}\" data-image-title=\"1\" data-image-description=\"\" data-image-caption=\"\" data-large-file=\"https:\/\/i0.wp.com\/www.tuseichholzremmighausen.de\/wordpress\/wp-content\/uploads\/2025\/10\/1.jpg?fit=800%2C450&amp;ssl=1\" \/><\/a> <a class=\"title\" href=\"https:\/\/www.tuseichholzremmighausen.de\/wordpress\/archives\/23057\">Gold und Silber f\u00fcr Lippe-S\u00fcd-Teams in Westfalenfinale<\/a> <span class=\"date\">1. Oktober 2025<\/span><\/div><div class=\"listing-item\"><a class=\"image\" href=\"https:\/\/www.tuseichholzremmighausen.de\/wordpress\/archives\/22910\"><img loading=\"lazy\" decoding=\"async\" width=\"150\" height=\"150\" src=\"https:\/\/i0.wp.com\/www.tuseichholzremmighausen.de\/wordpress\/wp-content\/uploads\/2025\/09\/4.jpg?resize=150%2C150&amp;ssl=1\" class=\"attachment-thumbnail size-thumbnail wp-post-image\" alt=\"\" srcset=\"https:\/\/i0.wp.com\/www.tuseichholzremmighausen.de\/wordpress\/wp-content\/uploads\/2025\/09\/4.jpg?resize=150%2C150&amp;ssl=1 150w, https:\/\/i0.wp.com\/www.tuseichholzremmighausen.de\/wordpress\/wp-content\/uploads\/2025\/09\/4.jpg?zoom=2&amp;resize=150%2C150&amp;ssl=1 300w, https:\/\/i0.wp.com\/www.tuseichholzremmighausen.de\/wordpress\/wp-content\/uploads\/2025\/09\/4.jpg?zoom=3&amp;resize=150%2C150&amp;ssl=1 450w\" sizes=\"auto, (max-width: 150px) 100vw, 150px\" data-attachment-id=\"22912\" data-permalink=\"https:\/\/www.tuseichholzremmighausen.de\/wordpress\/archives\/22910\/4-21\" data-orig-file=\"https:\/\/i0.wp.com\/www.tuseichholzremmighausen.de\/wordpress\/wp-content\/uploads\/2025\/09\/4.jpg?fit=1280%2C720&amp;ssl=1\" data-orig-size=\"1280,720\" data-comments-opened=\"0\" data-image-meta=\"{&quot;aperture&quot;:&quot;0&quot;,&quot;credit&quot;:&quot;&quot;,&quot;camera&quot;:&quot;&quot;,&quot;caption&quot;:&quot;&quot;,&quot;created_timestamp&quot;:&quot;0&quot;,&quot;copyright&quot;:&quot;&quot;,&quot;focal_length&quot;:&quot;0&quot;,&quot;iso&quot;:&quot;0&quot;,&quot;shutter_speed&quot;:&quot;0&quot;,&quot;title&quot;:&quot;&quot;,&quot;orientation&quot;:&quot;0&quot;}\" data-image-title=\"4\" data-image-description=\"\" data-image-caption=\"\" data-large-file=\"https:\/\/i0.wp.com\/www.tuseichholzremmighausen.de\/wordpress\/wp-content\/uploads\/2025\/09\/4.jpg?fit=800%2C450&amp;ssl=1\" \/><\/a> <a class=\"title\" href=\"https:\/\/www.tuseichholzremmighausen.de\/wordpress\/archives\/22910\">Lippische Mehrk\u00e4mpfer stossen in neue Leistungsdimensionen vor<\/a> <span class=\"date\">2. September 2025<\/span><\/div><\/div>\n","protected":false},"excerpt":{"rendered":"<p>Ein Schnuppertraining ist leider erst ab Oktober 2026 wieder m\u00f6glich. Bitte nach den Sommerferien Kontakt aufnehmen. Training: Mittwoch: 16:00 &#8211;<\/p>\n","protected":false},"author":2,"featured_media":0,"parent":9,"menu_order":0,"comment_status":"closed","ping_status":"closed","template":"","meta":{"colormag_page_container_layout":"default_layout","colormag_page_sidebar_layout":"default_layout","footnotes":""},"class_list":["post-95","page","type-page","status-publish","hentry"],"jetpack_sharing_enabled":true,"_links":{"self":[{"href":"https:\/\/www.tuseichholzremmighausen.de\/wordpress\/wp-json\/wp\/v2\/pages\/95","targetHints":{"allow":["GET"]}}],"collection":[{"href":"https:\/\/www.tuseichholzremmighausen.de\/wordpress\/wp-json\/wp\/v2\/pages"}],"about":[{"href":"https:\/\/www.tuseichholzremmighausen.de\/wordpress\/wp-json\/wp\/v2\/types\/page"}],"author":[{"embeddable":true,"href":"https:\/\/www.tuseichholzremmighausen.de\/wordpress\/wp-json\/wp\/v2\/users\/2"}],"replies":[{"embeddable":true,"href":"https:\/\/www.tuseichholzremmighausen.de\/wordpress\/wp-json\/wp\/v2\/comments?post=95"}],"version-history":[{"count":0,"href":"https:\/\/www.tuseichholzremmighausen.de\/wordpress\/wp-json\/wp\/v2\/pages\/95\/revisions"}],"up":[{"embeddable":true,"href":"https:\/\/www.tuseichholzremmighausen.de\/wordpress\/wp-json\/wp\/v2\/pages\/9"}],"wp:attachment":[{"href":"https:\/\/www.tuseichholzremmighausen.de\/wordpress\/wp-json\/wp\/v2\/media?parent=95"}],"curies":[{"name":"wp","href":"https:\/\/api.w.org\/{rel}","templated":true}]}}